{"id":416,"date":"2017-07-11T20:23:07","date_gmt":"2017-07-11T18:23:07","guid":{"rendered":"http:\/\/www.kramer-tischlerei.de\/?page_id=416"},"modified":"2023-12-14T13:04:50","modified_gmt":"2023-12-14T11:04:50","slug":"vitrinen-weinschraenke","status":"publish","type":"page","link":"https:\/\/www.kramer-tischlerei.de\/?page_id=416","title":{"rendered":"Vitrinen \/ Weinschr\u00e4nke"},"content":{"rendered":"<p><a href=\"http:\/\/www.kramer-tischlerei.de\/wp-content\/uploads\/2017\/07\/IMG_9158.jpg\"><img loading=\"lazy\" decoding=\"async\" class=\"aligncenter size-large wp-image-420\" src=\"http:\/\/www.kramer-tischlerei.de\/wp-content\/uploads\/2017\/07\/IMG_9158-1024x768.jpg\" alt=\"\" width=\"474\" height=\"356\" srcset=\"https:\/\/www.kramer-tischlerei.de\/wp-content\/uploads\/2017\/07\/IMG_9158-1024x768.jpg 1024w, https:\/\/www.kramer-tischlerei.de\/wp-content\/uploads\/2017\/07\/IMG_9158-300x225.jpg 300w, https:\/\/www.kramer-tischlerei.de\/wp-content\/uploads\/2017\/07\/IMG_9158-768x576.jpg 768w, https:\/\/www.kramer-tischlerei.de\/wp-content\/uploads\/2017\/07\/IMG_9158.jpg 1280w\" sizes=\"auto, (max-width: 474px) 100vw, 474px\" \/><\/a><\/p>\n<p>\u00a0<\/p>\n<figure id=\"attachment_285\" aria-describedby=\"caption-attachment-285\" style=\"width: 474px\" class=\"wp-caption aligncenter\"><a href=\"http:\/\/www.kramer-tischlerei.de\/wp-content\/uploads\/2016\/11\/IMG_7915.jpg\"><img loading=\"lazy\" decoding=\"async\" class=\"wp-image-285 size-large\" src=\"http:\/\/www.kramer-tischlerei.de\/wp-content\/uploads\/2016\/11\/IMG_7915-1024x768.jpg\" alt=\"\" width=\"474\" height=\"356\" srcset=\"https:\/\/www.kramer-tischlerei.de\/wp-content\/uploads\/2016\/11\/IMG_7915-1024x768.jpg 1024w, https:\/\/www.kramer-tischlerei.de\/wp-content\/uploads\/2016\/11\/IMG_7915-300x225.jpg 300w, https:\/\/www.kramer-tischlerei.de\/wp-content\/uploads\/2016\/11\/IMG_7915-768x576.jpg 768w\" sizes=\"auto, (max-width: 474px) 100vw, 474px\" \/><\/a><figcaption id=\"caption-attachment-285\" class=\"wp-caption-text\">Nischenzeile mit Wei\u00dflackfronten; push Sch\u00fcben; 3 beleuchteten W\u00fcrfeln; einem Weink\u00fchlschrank und einer alten, massiven Eichenablage<\/figcaption><\/figure>\n<p>\u00a0<\/p>\n<figure id=\"attachment_424\" aria-describedby=\"caption-attachment-424\" style=\"width: 474px\" class=\"wp-caption aligncenter\"><a href=\"http:\/\/www.kramer-tischlerei.de\/wp-content\/uploads\/2017\/07\/IMG_8439.jpg\"><img loading=\"lazy\" decoding=\"async\" class=\"wp-image-424 size-large\" src=\"http:\/\/www.kramer-tischlerei.de\/wp-content\/uploads\/2017\/07\/IMG_8439-1024x768.jpg\" alt=\"\" width=\"474\" height=\"356\" srcset=\"https:\/\/www.kramer-tischlerei.de\/wp-content\/uploads\/2017\/07\/IMG_8439-1024x768.jpg 1024w, https:\/\/www.kramer-tischlerei.de\/wp-content\/uploads\/2017\/07\/IMG_8439-300x225.jpg 300w, https:\/\/www.kramer-tischlerei.de\/wp-content\/uploads\/2017\/07\/IMG_8439-768x576.jpg 768w\" sizes=\"auto, (max-width: 474px) 100vw, 474px\" \/><\/a><figcaption id=\"caption-attachment-424\" class=\"wp-caption-text\">Weinregal aus alten Eichenbalken<\/figcaption><\/figure>\n<figure id=\"attachment_721\" aria-describedby=\"caption-attachment-721\" style=\"width: 474px\" class=\"wp-caption aligncenter\"><a href=\"http:\/\/www.kramer-tischlerei.de\/wp-content\/uploads\/2017\/07\/72.jpg\"><img loading=\"lazy\" decoding=\"async\" class=\"wp-image-721 size-large\" src=\"http:\/\/www.kramer-tischlerei.de\/wp-content\/uploads\/2017\/07\/72-1024x768.jpg\" alt=\"\" width=\"474\" height=\"356\" srcset=\"https:\/\/www.kramer-tischlerei.de\/wp-content\/uploads\/2017\/07\/72-1024x768.jpg 1024w, https:\/\/www.kramer-tischlerei.de\/wp-content\/uploads\/2017\/07\/72-300x225.jpg 300w, https:\/\/www.kramer-tischlerei.de\/wp-content\/uploads\/2017\/07\/72-768x576.jpg 768w, https:\/\/www.kramer-tischlerei.de\/wp-content\/uploads\/2017\/07\/72.jpg 1600w\" sizes=\"auto, (max-width: 474px) 100vw, 474px\" \/><\/a><figcaption id=\"caption-attachment-721\" class=\"wp-caption-text\">Vitrine f\u00fcr Modelleisenbahnen<\/figcaption><\/figure>\n<p>\u00a0<\/p>\n\n<div class=\"wp-block-image\">\n<figure class=\"aligncenter size-full\"><a href=\"https:\/\/www.kramer-tischlerei.de\/wp-content\/uploads\/2023\/12\/IMG-20231214-WA0022-1.jpg\"><img loading=\"lazy\" decoding=\"async\" width=\"768\" height=\"1024\" src=\"https:\/\/www.kramer-tischlerei.de\/wp-content\/uploads\/2023\/12\/IMG-20231214-WA0022-1.jpg\" alt=\"\" class=\"wp-image-909\" srcset=\"https:\/\/www.kramer-tischlerei.de\/wp-content\/uploads\/2023\/12\/IMG-20231214-WA0022-1.jpg 768w, https:\/\/www.kramer-tischlerei.de\/wp-content\/uploads\/2023\/12\/IMG-20231214-WA0022-1-225x300.jpg 225w\" sizes=\"auto, (max-width: 768px) 100vw, 768px\" \/><\/a><\/figure>\n<\/div>","protected":false},"excerpt":{"rendered":"<p>\u00a0 \u00a0 \u00a0<\/p>\n","protected":false},"author":1,"featured_media":0,"parent":2,"menu_order":6,"comment_status":"closed","ping_status":"closed","template":"page-templates\/full-width.php","meta":{"ngg_post_thumbnail":0,"footnotes":""},"class_list":["post-416","page","type-page","status-publish","hentry"],"_links":{"self":[{"href":"https:\/\/www.kramer-tischlerei.de\/index.php?rest_route=\/wp\/v2\/pages\/416","targetHints":{"allow":["GET"]}}],"collection":[{"href":"https:\/\/www.kramer-tischlerei.de\/index.php?rest_route=\/wp\/v2\/pages"}],"about":[{"href":"https:\/\/www.kramer-tischlerei.de\/index.php?rest_route=\/wp\/v2\/types\/page"}],"author":[{"embeddable":true,"href":"https:\/\/www.kramer-tischlerei.de\/index.php?rest_route=\/wp\/v2\/users\/1"}],"replies":[{"embeddable":true,"href":"https:\/\/www.kramer-tischlerei.de\/index.php?rest_route=%2Fwp%2Fv2%2Fcomments&post=416"}],"version-history":[{"count":9,"href":"https:\/\/www.kramer-tischlerei.de\/index.php?rest_route=\/wp\/v2\/pages\/416\/revisions"}],"predecessor-version":[{"id":910,"href":"https:\/\/www.kramer-tischlerei.de\/index.php?rest_route=\/wp\/v2\/pages\/416\/revisions\/910"}],"up":[{"embeddable":true,"href":"https:\/\/www.kramer-tischlerei.de\/index.php?rest_route=\/wp\/v2\/pages\/2"}],"wp:attachment":[{"href":"https:\/\/www.kramer-tischlerei.de\/index.php?rest_route=%2Fwp%2Fv2%2Fmedia&parent=416"}],"curies":[{"name":"wp","href":"https:\/\/api.w.org\/{rel}","templated":true}]}}