{"id":23,"date":"2014-01-10T12:20:32","date_gmt":"2014-01-10T10:20:32","guid":{"rendered":"http:\/\/www.kramer-tischlerei.de\/wordpress\/?page_id=23"},"modified":"2024-02-16T14:24:43","modified_gmt":"2024-02-16T12:24:43","slug":"kramer-tischlerei","status":"publish","type":"page","link":"https:\/\/www.kramer-tischlerei.de\/","title":{"rendered":"Home"},"content":{"rendered":"\n<p>Die Tischlerei Kramer ist ein Familien gef\u00fchrter Meisterbetrieb.<br>Wir bieten von M\u00f6belelementen wie Badezimmerm\u00f6bel, B\u00fcrom\u00f6bel, Einbauschr\u00e4nken, Betten, Esstische \u00fcber T\u00fcren und Fenster, Treppen\u00fcberg\u00e4nge, Innenausbau, Terrassen- und Balkonbel\u00e4ge und Ma\u00df angefertigte K\u00fcchen bis hin zu Decken und Holzb\u00f6den das komplette Spektrum rund um die Arbeit mit Holz.<br>Dabei entwickeln wir mit Ihnen neue Raum- und Einrichtungskonzepte nach Ihren individuellen W\u00fcnschen.<\/p>\n\n\n\n<ul class=\"wp-block-list\">\n<li><a rel=\"noreferrer noopener\" href=\"https:\/\/www.kramer-tischlerei.de\/?page_id=404\" data-type=\"page\" data-id=\"404\" target=\"_blank\">K\u00fcchen<\/a><\/li>\n\n\n\n<li><a rel=\"noreferrer noopener\" href=\"https:\/\/www.kramer-tischlerei.de\/?page_id=406\" data-type=\"page\" data-id=\"406\" target=\"_blank\">Einbauschr\u00e4nke<\/a><\/li>\n\n\n\n<li><a href=\"https:\/\/www.kramer-tischlerei.de\/?page_id=203\" data-type=\"page\" data-id=\"203\" target=\"_blank\" rel=\"noreferrer noopener\">Sideboard<\/a><\/li>\n\n\n\n<li><a rel=\"noreferrer noopener\" href=\"https:\/\/www.kramer-tischlerei.de\/?page_id=211\" data-type=\"page\" data-id=\"211\" target=\"_blank\">Badm\u00f6bel \/ Badezimmerm\u00f6bel<\/a><\/li>\n\n\n\n<li><a href=\"https:\/\/www.kramer-tischlerei.de\/?page_id=272\" data-type=\"page\" data-id=\"272\" target=\"_blank\" rel=\"noreferrer noopener\">Flur Gestaltung<\/a><\/li>\n\n\n\n<li><a rel=\"noreferrer noopener\" href=\"https:\/\/www.kramer-tischlerei.de\/?page_id=87\" data-type=\"page\" data-id=\"87\" target=\"_blank\">Innenausbau<\/a><\/li>\n<\/ul>\n\n\n\n<p>Folgt uns auch gerne auf Facebook und Instagram.<br><br><a rel=\"noreferrer noopener\" href=\"https:\/\/www.facebook.com\/TischlereiBastianKramer\" target=\"_blank\">https:\/\/www.facebook.com\/TischlereiBastianKramer<\/a><\/p>\n\n\n\n<p><a rel=\"noreferrer noopener\" href=\"https:\/\/www.instagram.com\/tischlerei_kramer?igsh=ODA1NTc5OTg5Nw%3D%3D&amp;utm_source=qr\" target=\"_blank\">https:\/\/www.instagram.com\/tischlerei_kramer?igsh=ODA1NTc5OTg5Nw%3D%3D&amp;utm_source=qr<\/a><\/p>\n\n\n\n<figure class=\"wp-block-gallery has-nested-images columns-default is-cropped wp-block-gallery-1 is-layout-flex wp-block-gallery-is-layout-flex\">\n<figure class=\"wp-block-image\"><img loading=\"lazy\" decoding=\"async\" width=\"1024\" height=\"768\" data-id=\"776\" src=\"https:\/\/www.kramer-tischlerei.de\/wp-content\/uploads\/2021\/06\/WW-1024x768.jpg\" alt=\"\" class=\"wp-image-776\" srcset=\"https:\/\/www.kramer-tischlerei.de\/wp-content\/uploads\/2021\/06\/WW-1024x768.jpg 1024w, https:\/\/www.kramer-tischlerei.de\/wp-content\/uploads\/2021\/06\/WW-300x225.jpg 300w, https:\/\/www.kramer-tischlerei.de\/wp-content\/uploads\/2021\/06\/WW-768x576.jpg 768w, https:\/\/www.kramer-tischlerei.de\/wp-content\/uploads\/2021\/06\/WW.jpg 1600w\" sizes=\"auto, (max-width: 1024px) 100vw, 1024px\" \/><figcaption class=\"wp-element-caption\">Eine passgenaue Wohnwand entspannt die Seele nach dem allt\u00e4glichen Stress<\/figcaption><\/figure>\n<\/figure>\n\n\n\n<figure class=\"wp-block-gallery has-nested-images columns-default is-cropped wp-block-gallery-2 is-layout-flex wp-block-gallery-is-layout-flex\">\n<figure class=\"wp-block-image\"><img loading=\"lazy\" decoding=\"async\" width=\"1024\" height=\"768\" data-id=\"777\" src=\"https:\/\/www.kramer-tischlerei.de\/wp-content\/uploads\/2021\/06\/Kueche1-1024x768.jpg\" alt=\"\" class=\"wp-image-777\" srcset=\"https:\/\/www.kramer-tischlerei.de\/wp-content\/uploads\/2021\/06\/Kueche1.jpg 1024w, https:\/\/www.kramer-tischlerei.de\/wp-content\/uploads\/2021\/06\/Kueche1-300x225.jpg 300w, https:\/\/www.kramer-tischlerei.de\/wp-content\/uploads\/2021\/06\/Kueche1-768x576.jpg 768w\" sizes=\"auto, (max-width: 1024px) 100vw, 1024px\" \/><figcaption class=\"wp-element-caption\">Schick erleuchtete K\u00fcche mit rustikaler Massivholzr\u00fcckwand<\/figcaption><\/figure>\n<\/figure>\n\n\n\n<figure class=\"wp-block-gallery has-nested-images columns-default is-cropped wp-block-gallery-3 is-layout-flex wp-block-gallery-is-layout-flex\">\n<figure class=\"wp-block-image\"><img loading=\"lazy\" decoding=\"async\" width=\"1024\" height=\"576\" data-id=\"656\" src=\"https:\/\/www.kramer-tischlerei.de\/wp-content\/uploads\/2016\/11\/100-1024x576.jpg\" alt=\"\" class=\"wp-image-656\" srcset=\"https:\/\/www.kramer-tischlerei.de\/wp-content\/uploads\/2016\/11\/100.jpg 1024w, https:\/\/www.kramer-tischlerei.de\/wp-content\/uploads\/2016\/11\/100-300x169.jpg 300w, https:\/\/www.kramer-tischlerei.de\/wp-content\/uploads\/2016\/11\/100-768x432.jpg 768w\" sizes=\"auto, (max-width: 1024px) 100vw, 1024px\" \/><figcaption class=\"wp-element-caption\">warum Urlaub? wir k\u00f6nnen Ihnen Ihre eigene Oase bauen!<\/figcaption><\/figure>\n<\/figure>\n\n\n\n<figure class=\"wp-block-gallery has-nested-images columns-default is-cropped wp-block-gallery-4 is-layout-flex wp-block-gallery-is-layout-flex\">\n<figure class=\"wp-block-image\"><img loading=\"lazy\" decoding=\"async\" width=\"1024\" height=\"768\" data-id=\"661\" src=\"https:\/\/www.kramer-tischlerei.de\/wp-content\/uploads\/2017\/07\/73-1024x768.jpg\" alt=\"\" class=\"wp-image-661\" srcset=\"https:\/\/www.kramer-tischlerei.de\/wp-content\/uploads\/2017\/07\/73-1024x768.jpg 1024w, https:\/\/www.kramer-tischlerei.de\/wp-content\/uploads\/2017\/07\/73-300x225.jpg 300w, https:\/\/www.kramer-tischlerei.de\/wp-content\/uploads\/2017\/07\/73-768x576.jpg 768w, https:\/\/www.kramer-tischlerei.de\/wp-content\/uploads\/2017\/07\/73.jpg 1600w\" sizes=\"auto, (max-width: 1024px) 100vw, 1024px\" \/><figcaption class=\"wp-element-caption\">Der Hintergrund erfreut das Auge<\/figcaption><\/figure>\n<\/figure>\n\n\n\n<figure class=\"wp-block-gallery has-nested-images columns-default is-cropped wp-block-gallery-5 is-layout-flex wp-block-gallery-is-layout-flex\">\n<figure class=\"wp-block-image\"><img loading=\"lazy\" decoding=\"async\" width=\"1024\" height=\"768\" data-id=\"615\" src=\"https:\/\/www.kramer-tischlerei.de\/wp-content\/uploads\/2016\/11\/Theke_Rund_beleuchtet-1024x768.jpg\" alt=\"\" class=\"wp-image-615\" srcset=\"https:\/\/www.kramer-tischlerei.de\/wp-content\/uploads\/2016\/11\/Theke_Rund_beleuchtet-1024x768.jpg 1024w, https:\/\/www.kramer-tischlerei.de\/wp-content\/uploads\/2016\/11\/Theke_Rund_beleuchtet-300x225.jpg 300w, https:\/\/www.kramer-tischlerei.de\/wp-content\/uploads\/2016\/11\/Theke_Rund_beleuchtet-768x576.jpg 768w, https:\/\/www.kramer-tischlerei.de\/wp-content\/uploads\/2016\/11\/Theke_Rund_beleuchtet.jpg 2016w\" sizes=\"auto, (max-width: 1024px) 100vw, 1024px\" \/><figcaption class=\"wp-element-caption\">Eine B\u00fcrotheke f\u00fcr runde Gesch\u00e4fte<\/figcaption><\/figure>\n<\/figure>\n\n\n\n<figure class=\"wp-block-gallery has-nested-images columns-default is-cropped wp-block-gallery-6 is-layout-flex wp-block-gallery-is-layout-flex\">\n<figure class=\"wp-block-image\"><img loading=\"lazy\" decoding=\"async\" width=\"768\" height=\"1024\" data-id=\"520\" src=\"https:\/\/www.kramer-tischlerei.de\/wp-content\/uploads\/2017\/07\/image-1-768x1024.jpeg\" alt=\"\" class=\"wp-image-520\" srcset=\"https:\/\/www.kramer-tischlerei.de\/wp-content\/uploads\/2017\/07\/image-1-768x1024.jpeg 768w, https:\/\/www.kramer-tischlerei.de\/wp-content\/uploads\/2017\/07\/image-1-225x300.jpeg 225w, https:\/\/www.kramer-tischlerei.de\/wp-content\/uploads\/2017\/07\/image-1.jpeg 1536w\" sizes=\"auto, (max-width: 768px) 100vw, 768px\" \/><figcaption class=\"wp-element-caption\">f\u00fcr jede Farbe einen Platz<\/figcaption><\/figure>\n<\/figure>\n","protected":false},"excerpt":{"rendered":"<p>Die Tischlerei Kramer ist ein Familien gef\u00fchrter Meisterbetrieb.Wir bieten von M\u00f6belelementen wie Badezimmerm\u00f6bel, B\u00fcrom\u00f6bel, Einbauschr\u00e4nken, Betten, Esstische \u00fcber T\u00fcren und Fenster, Treppen\u00fcberg\u00e4nge, Innenausbau, Terrassen- und Balkonbel\u00e4ge und Ma\u00df angefertigte K\u00fcchen bis hin zu Decken und Holzb\u00f6den das komplette Spektrum rund um die Arbeit mit Holz.Dabei entwickeln wir mit Ihnen neue Raum- und Einrichtungskonzepte nach Ihren &hellip; <a href=\"https:\/\/www.kramer-tischlerei.de\/\" class=\"more-link\"><span class=\"screen-reader-text\">Home<\/span> weiterlesen <span class=\"meta-nav\">&rarr;<\/span><\/a><\/p>\n","protected":false},"author":1,"featured_media":0,"parent":0,"menu_order":0,"comment_status":"closed","ping_status":"closed","template":"page-templates\/full-width.php","meta":{"ngg_post_thumbnail":0,"footnotes":""},"class_list":["post-23","page","type-page","status-publish","hentry"],"_links":{"self":[{"href":"https:\/\/www.kramer-tischlerei.de\/index.php?rest_route=\/wp\/v2\/pages\/23","targetHints":{"allow":["GET"]}}],"collection":[{"href":"https:\/\/www.kramer-tischlerei.de\/index.php?rest_route=\/wp\/v2\/pages"}],"about":[{"href":"https:\/\/www.kramer-tischlerei.de\/index.php?rest_route=\/wp\/v2\/types\/page"}],"author":[{"embeddable":true,"href":"https:\/\/www.kramer-tischlerei.de\/index.php?rest_route=\/wp\/v2\/users\/1"}],"replies":[{"embeddable":true,"href":"https:\/\/www.kramer-tischlerei.de\/index.php?rest_route=%2Fwp%2Fv2%2Fcomments&post=23"}],"version-history":[{"count":24,"href":"https:\/\/www.kramer-tischlerei.de\/index.php?rest_route=\/wp\/v2\/pages\/23\/revisions"}],"predecessor-version":[{"id":938,"href":"https:\/\/www.kramer-tischlerei.de\/index.php?rest_route=\/wp\/v2\/pages\/23\/revisions\/938"}],"wp:attachment":[{"href":"https:\/\/www.kramer-tischlerei.de\/index.php?rest_route=%2Fwp%2Fv2%2Fmedia&parent=23"}],"curies":[{"name":"wp","href":"https:\/\/api.w.org\/{rel}","templated":true}]}}