{"id":222,"date":"2016-11-27T11:52:14","date_gmt":"2016-11-27T09:52:14","guid":{"rendered":"http:\/\/www.kramer-tischlerei.de\/?page_id=222"},"modified":"2021-06-21T08:25:52","modified_gmt":"2021-06-21T06:25:52","slug":"tuerenmontage","status":"publish","type":"page","link":"https:\/\/www.kramer-tischlerei.de\/?page_id=222","title":{"rendered":"Innent\u00fcren"},"content":{"rendered":"<figure id=\"attachment_312\" aria-describedby=\"caption-attachment-312\" style=\"width: 474px\" class=\"wp-caption aligncenter\"><a href=\"http:\/\/www.kramer-tischlerei.de\/wp-content\/uploads\/2016\/11\/IMG_5807.jpg\"><img loading=\"lazy\" decoding=\"async\" class=\"wp-image-312 size-large\" src=\"http:\/\/www.kramer-tischlerei.de\/wp-content\/uploads\/2016\/11\/IMG_5807-1024x768.jpg\" alt=\"img_5807\" width=\"474\" height=\"356\" srcset=\"https:\/\/www.kramer-tischlerei.de\/wp-content\/uploads\/2016\/11\/IMG_5807-1024x768.jpg 1024w, https:\/\/www.kramer-tischlerei.de\/wp-content\/uploads\/2016\/11\/IMG_5807-300x225.jpg 300w, https:\/\/www.kramer-tischlerei.de\/wp-content\/uploads\/2016\/11\/IMG_5807-768x576.jpg 768w\" sizes=\"auto, (max-width: 474px) 100vw, 474px\" \/><\/a><figcaption id=\"caption-attachment-312\" class=\"wp-caption-text\">Treppenabgang verschlossen samt fl\u00e4chenb\u00fcndigem T\u00fcrelement<\/figcaption><\/figure>\n<figure id=\"attachment_479\" aria-describedby=\"caption-attachment-479\" style=\"width: 474px\" class=\"wp-caption aligncenter\"><a href=\"http:\/\/www.kramer-tischlerei.de\/wp-content\/uploads\/2016\/11\/IMG_9411.jpg\"><img loading=\"lazy\" decoding=\"async\" class=\"wp-image-479 size-large\" src=\"http:\/\/www.kramer-tischlerei.de\/wp-content\/uploads\/2016\/11\/IMG_9411-768x1024.jpg\" alt=\"\" width=\"474\" height=\"632\" srcset=\"https:\/\/www.kramer-tischlerei.de\/wp-content\/uploads\/2016\/11\/IMG_9411-768x1024.jpg 768w, https:\/\/www.kramer-tischlerei.de\/wp-content\/uploads\/2016\/11\/IMG_9411-225x300.jpg 225w\" sizes=\"auto, (max-width: 474px) 100vw, 474px\" \/><\/a><figcaption id=\"caption-attachment-479\" class=\"wp-caption-text\">Stiba 2F<\/figcaption><\/figure>\n<figure id=\"attachment_613\" aria-describedby=\"caption-attachment-613\" style=\"width: 474px\" class=\"wp-caption aligncenter\"><a href=\"http:\/\/www.kramer-tischlerei.de\/wp-content\/uploads\/2016\/11\/Schiebetuere_Garderobe.jpg\"><img loading=\"lazy\" decoding=\"async\" class=\"size-large wp-image-613\" src=\"http:\/\/www.kramer-tischlerei.de\/wp-content\/uploads\/2016\/11\/Schiebetuere_Garderobe-768x1024.jpg\" alt=\"\" width=\"474\" height=\"632\" srcset=\"https:\/\/www.kramer-tischlerei.de\/wp-content\/uploads\/2016\/11\/Schiebetuere_Garderobe-768x1024.jpg 768w, https:\/\/www.kramer-tischlerei.de\/wp-content\/uploads\/2016\/11\/Schiebetuere_Garderobe-225x300.jpg 225w, https:\/\/www.kramer-tischlerei.de\/wp-content\/uploads\/2016\/11\/Schiebetuere_Garderobe.jpg 1512w\" sizes=\"auto, (max-width: 474px) 100vw, 474px\" \/><\/a><figcaption id=\"caption-attachment-613\" class=\"wp-caption-text\">Wei\u00dflack Schiebet\u00fcre samt Garderobe<\/figcaption><\/figure>\n<figure id=\"attachment_801\" aria-describedby=\"caption-attachment-801\" style=\"width: 480px\" class=\"wp-caption aligncenter\"><a href=\"http:\/\/www.kramer-tischlerei.de\/wp-content\/uploads\/2021\/06\/IMG_0396-e1624256668551.jpg\"><img loading=\"lazy\" decoding=\"async\" class=\"wp-image-801 size-full\" src=\"http:\/\/www.kramer-tischlerei.de\/wp-content\/uploads\/2021\/06\/IMG_0396-e1624256668551.jpg\" alt=\"\" width=\"480\" height=\"640\" srcset=\"https:\/\/www.kramer-tischlerei.de\/wp-content\/uploads\/2021\/06\/IMG_0396-e1624256668551.jpg 480w, https:\/\/www.kramer-tischlerei.de\/wp-content\/uploads\/2021\/06\/IMG_0396-e1624256668551-225x300.jpg 225w\" sizes=\"auto, (max-width: 480px) 100vw, 480px\" \/><\/a><figcaption id=\"caption-attachment-801\" class=\"wp-caption-text\">Echtholzfurnierte Buchent\u00fcre<\/figcaption><\/figure>\n<figure id=\"attachment_315\" aria-describedby=\"caption-attachment-315\" style=\"width: 640px\" class=\"wp-caption aligncenter\"><a href=\"http:\/\/www.kramer-tischlerei.de\/wp-content\/uploads\/2016\/11\/IMG_5832-1.jpg\"><img loading=\"lazy\" decoding=\"async\" class=\"wp-image-315 size-large\" src=\"http:\/\/www.kramer-tischlerei.de\/wp-content\/uploads\/2016\/11\/IMG_5832-1-768x1024.jpg\" alt=\"img_5832\" width=\"640\" height=\"853\" srcset=\"https:\/\/www.kramer-tischlerei.de\/wp-content\/uploads\/2016\/11\/IMG_5832-1-768x1024.jpg 768w, https:\/\/www.kramer-tischlerei.de\/wp-content\/uploads\/2016\/11\/IMG_5832-1-225x300.jpg 225w, https:\/\/www.kramer-tischlerei.de\/wp-content\/uploads\/2016\/11\/IMG_5832-1.jpg 1469w\" sizes=\"auto, (max-width: 640px) 100vw, 640px\" \/><\/a><figcaption id=\"caption-attachment-315\" class=\"wp-caption-text\">Stiba 4F<\/figcaption><\/figure>\n","protected":false},"excerpt":{"rendered":"","protected":false},"author":1,"featured_media":0,"parent":87,"menu_order":0,"comment_status":"closed","ping_status":"closed","template":"page-templates\/full-width.php","meta":{"ngg_post_thumbnail":0,"footnotes":""},"class_list":["post-222","page","type-page","status-publish","hentry"],"_links":{"self":[{"href":"https:\/\/www.kramer-tischlerei.de\/index.php?rest_route=\/wp\/v2\/pages\/222","targetHints":{"allow":["GET"]}}],"collection":[{"href":"https:\/\/www.kramer-tischlerei.de\/index.php?rest_route=\/wp\/v2\/pages"}],"about":[{"href":"https:\/\/www.kramer-tischlerei.de\/index.php?rest_route=\/wp\/v2\/types\/page"}],"author":[{"embeddable":true,"href":"https:\/\/www.kramer-tischlerei.de\/index.php?rest_route=\/wp\/v2\/users\/1"}],"replies":[{"embeddable":true,"href":"https:\/\/www.kramer-tischlerei.de\/index.php?rest_route=%2Fwp%2Fv2%2Fcomments&post=222"}],"version-history":[{"count":11,"href":"https:\/\/www.kramer-tischlerei.de\/index.php?rest_route=\/wp\/v2\/pages\/222\/revisions"}],"predecessor-version":[{"id":802,"href":"https:\/\/www.kramer-tischlerei.de\/index.php?rest_route=\/wp\/v2\/pages\/222\/revisions\/802"}],"up":[{"embeddable":true,"href":"https:\/\/www.kramer-tischlerei.de\/index.php?rest_route=\/wp\/v2\/pages\/87"}],"wp:attachment":[{"href":"https:\/\/www.kramer-tischlerei.de\/index.php?rest_route=%2Fwp%2Fv2%2Fmedia&parent=222"}],"curies":[{"name":"wp","href":"https:\/\/api.w.org\/{rel}","templated":true}]}}